{"id":8387,"date":"2019-09-14T12:48:34","date_gmt":"2019-09-14T10:48:34","guid":{"rendered":"https:\/\/www.dichecibo6.it\/new\/ingrid\/"},"modified":"2019-09-14T12:48:34","modified_gmt":"2019-09-14T10:48:34","slug":"ingrid","status":"publish","type":"page","link":"https:\/\/www.dichecibo6.it\/new\/en\/ingrid\/","title":{"rendered":"Ingrid"},"content":{"rendered":"<p>[vc_row css=&#8221;.vc_custom_1524131902883{padding-right: 5.2% !important;padding-left: 5.2% !important;}&#8221;][vc_column]<div class=\"edgtf-news-holder edgtf-post-carousel1 edgtf-post-dual-carousel\"  data-post-status=publish data-post-in=892,890,891 data-ignore-sticky-posts=1 data-orderby=date data-posts-per-page=3 data-sort=latest data-paged=1 data-max-num-pages=1 data-next-page=2 data-title-tag=h1 data-image-size=full data-display-categories=yes data-display-excerpt=yes data-excerpt-length=25 data-display-date=yes data-date-format=difference data-display-like=yes data-display-comments=yes data-display-hot-trending-icons=no data-layout=edgtf_post_carousel1><div class=\"edgtf-news-list-inner edgtf-owl-slider\" data-number-of-items=\"1\"   data-slider-speed=\"4000\" data-slider-speed-animation=\"1000\"   data-nested-item-selector=\"edgtf-ni-image-holder\" data-slider-mouse-drag=\"no\" data-enable-auto-height=\"yes\"><div class=\"edgtf-news-item edgtf-layout9-item edgtf-item-space\">\r\n\t<div class=\"edgtf-ni-image-holder\">\r\n\t\t\t<div class=\"edgtf-post-image-background\" style=\"background-image: url( https:\/\/www.dichecibo6.it\/new\/wp-content\/uploads\/2018\/02\/dichecibo6_parlare_di_cibo_cultura_firenze_florenze.jpg)\">\n\t\t<a itemprop=\"url\" href=\"https:\/\/www.dichecibo6.it\/new\/2019\/09\/14\/i-sensi-sono-i-ponti-per-il-contatto-con-il-mondo\/\" title=\"Sensi e gusto: ponti per il contatto col mondo\"><\/a>\n\t<\/div>\n        <div class=\"edgtf-ni-like-comments-share-holder\">\r\n            \t<div class=\"edgtf-blog-like\">\n\t\t<a href=\"#\" class=\"edgtf-like\" id=\"edgtf-like-892-649\" title=\"Like this\" data-post-id=\"892\"><i class=\"edgtf-icon-like\"><svg xmlns=\"http:\/\/www.w3.org\/2000\/svg\" xmlns:xlink=\"http:\/\/www.w3.org\/1999\/xlink\" x=\"0px\" y=\"0px\" width=\"17px\" height=\"17px\" enable-background=\"new -3 -2 17 17\" xml:space=\"preserve\">\n\t\t\t\t\t<path fill=\"none\" stroke=\"#262626\" stroke-linecap=\"round\" stroke-linejoin=\"round\" stroke-miterlimit=\"10\" d=\"M5.5,2.902 C4.056-1.231,0.143-0.679-1.157,0.614c-1.625,1.621-1.948,3.928,0,6.802C1.507,11.351,5.5,13.331,5.5,13.331s3.995-1.98,6.656-5.915 c1.948-2.873,1.628-5.179,0-6.802C10.86-0.679,6.941-1.231,5.5,2.902z\" \/>\n\t\t\t\t<\/svg><\/i><span>5<\/span><input type=\"hidden\" id=\"edgtf_like_nonce_892\" name=\"edgtf_like_nonce_892\" value=\"ddd2ad1714\" \/><input type=\"hidden\" name=\"_wp_http_referer\" value=\"\/new\/wp-json\/wp\/v2\/pages\/8387\" \/><\/a>\t<\/div>\n                                <\/div>\r\n\t<\/div>\r\n\t<div class=\"edgtf-ni-content\">\r\n\t\t<div class=\"edgtf-ni-content-inner\">\r\n\t\t\t<div class=\"edgtf-ni-info edgtf-ni-info-top\">\r\n\t            \t<div class=\"edgtf-post-info-category\">\n\t\t<a href=\"https:\/\/www.dichecibo6.it\/new\/prodotto\/culture\/\" rel=\"category tag\">Culture<\/a>, <a href=\"https:\/\/www.dichecibo6.it\/new\/prodotto\/discover\/\" rel=\"category tag\">Discover<\/a>\t<\/div>\n\t\t\t<\/div>\r\n\t\t\t\n<h1 itemprop=\"name\" class=\"entry-title edgtf-post-title \" >\n<a itemprop=\"url\" href=\"https:\/\/www.dichecibo6.it\/new\/2019\/09\/14\/i-sensi-sono-i-ponti-per-il-contatto-con-il-mondo\/\" title=\"Sensi e gusto: ponti per il contatto col mondo\">\n    Sensi e gusto: ponti per il contatto col mondo<\/a>\n<\/h1>\t\t\t\t\t\t<div class=\"edgtf-post-excerpt-holder\">\n\t\t\t\t<p itemprop=\"description\" class=\"edgtf-post-excerpt\">\n\t\t\t\t\tGli stimoli sensoriali portano dentro di noi la realt\u00e0 esterna e ci consentono di capirla, infatti gi\u00e0 nei testi del Medio Evo i 5 sensi\t\t\t\t<\/p>\n\t\t\t<\/div>\n\t\t\t\t\t<div class=\"edgtf-ni-info edgtf-ni-info-bottom\">\r\n\t            \t<div itemprop=\"dateCreated\" class=\"edgtf-post-info-date entry-date published updated\">\n\t\t\t\t\t<a itemprop=\"url\" href=\"https:\/\/www.dichecibo6.it\/new\/2019\/09\/\">\n\t\t\t\t\t7 anni ago\t\t<\/a>\n\t\t<meta itemprop=\"interactionCount\" content=\"UserComments: 0\"\/>\n\t<\/div>\n\t\t\t\t\t\t\t<\/div>\r\n\t\t<\/div>\r\n\t<\/div>\r\n<\/div><div class=\"edgtf-news-item edgtf-layout9-item edgtf-item-space\">\r\n\t<div class=\"edgtf-ni-image-holder\">\r\n\t\t\t<div class=\"edgtf-post-image-background\" style=\"background-image: url( https:\/\/www.dichecibo6.it\/new\/wp-content\/uploads\/2018\/02\/di_che_cibo_6_what_food_are_you_florence_firenze.jpg)\">\n\t\t<a itemprop=\"url\" href=\"https:\/\/www.dichecibo6.it\/new\/2018\/02\/08\/il-cibo-e-un-esperienza-multisensoriale\/\" title=\"DI CHE CIBO 6?\"><\/a>\n\t<\/div>\n        <div class=\"edgtf-ni-like-comments-share-holder\">\r\n            \t<div class=\"edgtf-blog-like\">\n\t\t<a href=\"#\" class=\"edgtf-like\" id=\"edgtf-like-891-807\" title=\"Like this\" data-post-id=\"891\"><i class=\"edgtf-icon-like\"><svg xmlns=\"http:\/\/www.w3.org\/2000\/svg\" xmlns:xlink=\"http:\/\/www.w3.org\/1999\/xlink\" x=\"0px\" y=\"0px\" width=\"17px\" height=\"17px\" enable-background=\"new -3 -2 17 17\" xml:space=\"preserve\">\n\t\t\t\t\t<path fill=\"none\" stroke=\"#262626\" stroke-linecap=\"round\" stroke-linejoin=\"round\" stroke-miterlimit=\"10\" d=\"M5.5,2.902 C4.056-1.231,0.143-0.679-1.157,0.614c-1.625,1.621-1.948,3.928,0,6.802C1.507,11.351,5.5,13.331,5.5,13.331s3.995-1.98,6.656-5.915 c1.948-2.873,1.628-5.179,0-6.802C10.86-0.679,6.941-1.231,5.5,2.902z\" \/>\n\t\t\t\t<\/svg><\/i><span>1<\/span><input type=\"hidden\" id=\"edgtf_like_nonce_891\" name=\"edgtf_like_nonce_891\" value=\"f42c2e5ebe\" \/><input type=\"hidden\" name=\"_wp_http_referer\" value=\"\/new\/wp-json\/wp\/v2\/pages\/8387\" \/><\/a>\t<\/div>\n                                <\/div>\r\n\t<\/div>\r\n\t<div class=\"edgtf-ni-content\">\r\n\t\t<div class=\"edgtf-ni-content-inner\">\r\n\t\t\t<div class=\"edgtf-ni-info edgtf-ni-info-top\">\r\n\t            \t<div class=\"edgtf-post-info-category\">\n\t\t<a href=\"https:\/\/www.dichecibo6.it\/new\/prodotto\/discover\/\" rel=\"category tag\">Discover<\/a>\t<\/div>\n\t\t\t<\/div>\r\n\t\t\t\n<h1 itemprop=\"name\" class=\"entry-title edgtf-post-title \" >\n<a itemprop=\"url\" href=\"https:\/\/www.dichecibo6.it\/new\/2018\/02\/08\/il-cibo-e-un-esperienza-multisensoriale\/\" title=\"DI CHE CIBO 6?\">\n    DI CHE CIBO 6?<\/a>\n<\/h1>\t\t\t\t\t\t<div class=\"edgtf-post-excerpt-holder\">\n\t\t\t\t<p itemprop=\"description\" class=\"edgtf-post-excerpt\">\n\t\t\t\t\tIl cibo \u00e8 un\u2019esperienza multisensoriale, nutrimento,  cultura, storia,  convivialit\u00e0, atto sociale, educazione, lavoro, creativit\u00e0, ricerca e arte. Di che cibo 6? \u00e8 tutto\t\t\t\t<\/p>\n\t\t\t<\/div>\n\t\t\t\t\t<div class=\"edgtf-ni-info edgtf-ni-info-bottom\">\r\n\t            \t<div itemprop=\"dateCreated\" class=\"edgtf-post-info-date entry-date published updated\">\n\t\t\t\t\t<a itemprop=\"url\" href=\"https:\/\/www.dichecibo6.it\/new\/2018\/02\/\">\n\t\t\t\t\t8 anni ago\t\t<\/a>\n\t\t<meta itemprop=\"interactionCount\" content=\"UserComments: 0\"\/>\n\t<\/div>\n\t\t\t\t\t\t\t<\/div>\r\n\t\t<\/div>\r\n\t<\/div>\r\n<\/div><div class=\"edgtf-news-item edgtf-layout9-item edgtf-item-space\">\r\n\t<div class=\"edgtf-ni-image-holder\">\r\n\t\t\t<div class=\"edgtf-post-image-background\" style=\"background-image: url( https:\/\/www.dichecibo6.it\/new\/wp-content\/uploads\/2018\/02\/dichecibo6_parlare_di_cibo_cultura_firenze_florenze_arbusti-1.jpg)\">\n\t\t<a itemprop=\"url\" href=\"https:\/\/www.dichecibo6.it\/new\/2014\/01\/02\/dallembrione-allo-sviluppo-del-gusto\/\" title=\"Dall&#8217;embrione allo sviluppo del gusto\"><\/a>\n\t<\/div>\n        <div class=\"edgtf-ni-like-comments-share-holder\">\r\n            \t<div class=\"edgtf-blog-like\">\n\t\t<a href=\"#\" class=\"edgtf-like\" id=\"edgtf-like-890-364\" title=\"Like this\" data-post-id=\"890\"><i class=\"edgtf-icon-like\"><svg xmlns=\"http:\/\/www.w3.org\/2000\/svg\" xmlns:xlink=\"http:\/\/www.w3.org\/1999\/xlink\" x=\"0px\" y=\"0px\" width=\"17px\" height=\"17px\" enable-background=\"new -3 -2 17 17\" xml:space=\"preserve\">\n\t\t\t\t\t<path fill=\"none\" stroke=\"#262626\" stroke-linecap=\"round\" stroke-linejoin=\"round\" stroke-miterlimit=\"10\" d=\"M5.5,2.902 C4.056-1.231,0.143-0.679-1.157,0.614c-1.625,1.621-1.948,3.928,0,6.802C1.507,11.351,5.5,13.331,5.5,13.331s3.995-1.98,6.656-5.915 c1.948-2.873,1.628-5.179,0-6.802C10.86-0.679,6.941-1.231,5.5,2.902z\" \/>\n\t\t\t\t<\/svg><\/i><span>2<\/span><input type=\"hidden\" id=\"edgtf_like_nonce_890\" name=\"edgtf_like_nonce_890\" value=\"52a9ef9fe9\" \/><input type=\"hidden\" name=\"_wp_http_referer\" value=\"\/new\/wp-json\/wp\/v2\/pages\/8387\" \/><\/a>\t<\/div>\n                                <\/div>\r\n\t<\/div>\r\n\t<div class=\"edgtf-ni-content\">\r\n\t\t<div class=\"edgtf-ni-content-inner\">\r\n\t\t\t<div class=\"edgtf-ni-info edgtf-ni-info-top\">\r\n\t            \t<div class=\"edgtf-post-info-category\">\n\t\t<a href=\"https:\/\/www.dichecibo6.it\/new\/prodotto\/culture\/\" rel=\"category tag\">Culture<\/a>, <a href=\"https:\/\/www.dichecibo6.it\/new\/prodotto\/discover\/\" rel=\"category tag\">Discover<\/a>\t<\/div>\n\t\t\t<\/div>\r\n\t\t\t\n<h1 itemprop=\"name\" class=\"entry-title edgtf-post-title \" >\n<a itemprop=\"url\" href=\"https:\/\/www.dichecibo6.it\/new\/2014\/01\/02\/dallembrione-allo-sviluppo-del-gusto\/\" title=\"Dall&#8217;embrione allo sviluppo del gusto\">\n    Dall&#8217;embrione allo sviluppo del gusto<\/a>\n<\/h1>\t\t\t\t\t\t<div class=\"edgtf-post-excerpt-holder\">\n\t\t\t\t<p itemprop=\"description\" class=\"edgtf-post-excerpt\">\n\t\t\t\t\tTutti i sensi si formano nel periodo embrionale (dalla prima all\u2019ottava settimana di gestazione) e all\u2019inizio del\u00a0periodo fetale, per poi maturare in diversi momenti.\u00a0\t\t\t\t<\/p>\n\t\t\t<\/div>\n\t\t\t\t\t<div class=\"edgtf-ni-info edgtf-ni-info-bottom\">\r\n\t            \t<div itemprop=\"dateCreated\" class=\"edgtf-post-info-date entry-date published updated\">\n\t\t\t\t\t<a itemprop=\"url\" href=\"https:\/\/www.dichecibo6.it\/new\/2014\/01\/\">\n\t\t\t\t\t12 anni ago\t\t<\/a>\n\t\t<meta itemprop=\"interactionCount\" content=\"UserComments: 0\"\/>\n\t<\/div>\n\t\t\t\t\t\t\t<\/div>\r\n\t\t<\/div>\r\n\t<\/div>\r\n<\/div><\/div><\/div>[\/vc_column][\/vc_row][vc_row row_content_width=&#8221;grid&#8221;][vc_column css=&#8221;.vc_custom_1523460379202{margin-top: -70px !important;}&#8221; offset=&#8221;vc_col-lg-5 vc_col-md-12&#8243;]<div class=\"edgtf-elements-holder   edgtf-one-column  edgtf-responsive-mode-768 \" ><div class=\"edgtf-eh-item    \"  data-item-class=\"edgtf-eh-custom-1393\" data-768-1024=\"116px 0 0 0\" data-680-768=\"116px 0 0 0\" data-680=\"116px 0 0 0\">\n\t<div class=\"edgtf-eh-item-inner\">\n\t\t<div class=\"edgtf-eh-item-content edgtf-eh-custom-1393\" >\n\t\t\t<div class=\"edgtf-news-holder edgtf-layout1 edgtf-news-columns-1 edgtf-small-space\"  data-post-status=publish data-post-in=5529 data-ignore-sticky-posts=1 data-posts-per-page=1 data-paged=1 data-max-num-pages=1 data-next-page=2 data-title-tag=h2 data-image-size=full data-display-categories=yes data-display-excerpt=yes data-excerpt-length=14 data-display-date=yes data-date-format=published data-display-like=yes data-display-comments=yes data-display-share=yes data-display-hot-trending-icons=yes data-layout=edgtf_layout1><div class=\"edgtf-news-list-inner edgtf-outer-space\" data-number-of-items=\"1\"   data-slider-speed=\"4000\" data-slider-speed-animation=\"600\"  ><div class=\"edgtf-news-item edgtf-layout1-item edgtf-item-space\">\n\t<div class=\"edgtf-ni-image-holder\">\n\t\t\t<div class=\"edgtf-post-image\">\n\t\t<a itemprop=\"url\" href=\"https:\/\/www.dichecibo6.it\/new\/2015\/03\/11\/leonardo-da-vinci-a-milano-mestro-di-cucina-e-di-banchetti\/\" title=\"LEONARDO DA VINCI A MILANO\">\n\t\t\t<img loading=\"lazy\" decoding=\"async\" width=\"425\" height=\"425\" src=\"https:\/\/www.dichecibo6.it\/new\/wp-content\/uploads\/2014\/11\/Invito_dichecibo6_Leonardo1.jpg\" class=\"attachment-full size-full wp-post-image\" alt=\"\" srcset=\"https:\/\/www.dichecibo6.it\/new\/wp-content\/uploads\/2014\/11\/Invito_dichecibo6_Leonardo1.jpg 425w, https:\/\/www.dichecibo6.it\/new\/wp-content\/uploads\/2014\/11\/Invito_dichecibo6_Leonardo1-300x300.jpg 300w, https:\/\/www.dichecibo6.it\/new\/wp-content\/uploads\/2014\/11\/Invito_dichecibo6_Leonardo1-100x100.jpg 100w, https:\/\/www.dichecibo6.it\/new\/wp-content\/uploads\/2014\/11\/Invito_dichecibo6_Leonardo1-150x150.jpg 150w\" sizes=\"auto, (max-width: 425px) 100vw, 425px\" \/>\t\t<\/a>\n\t<\/div>\n        <div class=\"edgtf-ni-like-comments-share-holder\">\n            \t<div class=\"edgtf-blog-like\">\n\t\t<a href=\"#\" class=\"edgtf-like\" id=\"edgtf-like-5529-891\" title=\"Like this\" data-post-id=\"5529\"><i class=\"edgtf-icon-like\"><svg xmlns=\"http:\/\/www.w3.org\/2000\/svg\" xmlns:xlink=\"http:\/\/www.w3.org\/1999\/xlink\" x=\"0px\" y=\"0px\" width=\"17px\" height=\"17px\" enable-background=\"new -3 -2 17 17\" xml:space=\"preserve\">\n\t\t\t\t\t<path fill=\"none\" stroke=\"#262626\" stroke-linecap=\"round\" stroke-linejoin=\"round\" stroke-miterlimit=\"10\" d=\"M5.5,2.902 C4.056-1.231,0.143-0.679-1.157,0.614c-1.625,1.621-1.948,3.928,0,6.802C1.507,11.351,5.5,13.331,5.5,13.331s3.995-1.98,6.656-5.915 c1.948-2.873,1.628-5.179,0-6.802C10.86-0.679,6.941-1.231,5.5,2.902z\" \/>\n\t\t\t\t<\/svg><\/i><span>0<\/span><input type=\"hidden\" id=\"edgtf_like_nonce_5529\" name=\"edgtf_like_nonce_5529\" value=\"2b513cb6aa\" \/><input type=\"hidden\" name=\"_wp_http_referer\" value=\"\/new\/wp-json\/wp\/v2\/pages\/8387\" \/><\/a>\t<\/div>\n            \t<div class=\"edgtf-post-info-comments-holder\">\n\t\t<a itemprop=\"url\" class=\"edgtf-post-info-comments\" href=\"https:\/\/www.dichecibo6.it\/new\/2015\/03\/11\/leonardo-da-vinci-a-milano-mestro-di-cucina-e-di-banchetti\/#respond\" target=\"_self\">\n\t\t\t<i class=\"edgtf-icon-element\"><svg version=\"1.1\" xmlns=\"http:\/\/www.w3.org\/2000\/svg\" xmlns:xlink=\"http:\/\/www.w3.org\/1999\/xlink\" x=\"0px\" y=\"0px\" width=\"17px\" height=\"17px\" viewBox=\"-3 -2 17 17\" enable-background=\"new -3 -2 17 17\" xml:space=\"preserve\">\n\t\t\t\t\t<path fill=\"none\" stroke=\"#2B2B2B\" stroke-linecap=\"round\" stroke-linejoin=\"round\" stroke-miterlimit=\"10\" d=\"M12.125-0.602h-13.25 c-0.553,0-1,0.448-1,1v8.75c0,0.553,0.447,1,1,1h3.063v4.063l3.375-4.063h6.813c0.553,0,1-0.447,1-1v-8.75 C13.125-0.153,12.678-0.602,12.125-0.602z\"\/>\n\t\t\t\t<\/svg><\/i>\n\t\t\t<span class=\"edgtf-comments\">0<\/span>\n\t\t<\/a>\n\t<\/div>\n                    <\/div>\n\t<\/div>\n\t<div class=\"edgtf-ni-content\">\n\t\t<div class=\"edgtf-ni-info edgtf-ni-info-top\">\n            \t<div class=\"edgtf-post-info-category\">\n\t\t<a href=\"https:\/\/www.dichecibo6.it\/new\/prodotto\/evento\/\" rel=\"category tag\">evento<\/a>\t<\/div>\n\t\t<\/div>\n\t\t\n<h2 itemprop=\"name\" class=\"entry-title edgtf-post-title edgtf-custom-style\" >\n<a itemprop=\"url\" href=\"https:\/\/www.dichecibo6.it\/new\/2015\/03\/11\/leonardo-da-vinci-a-milano-mestro-di-cucina-e-di-banchetti\/\" title=\"LEONARDO DA VINCI A MILANO\">\n    LEONARDO DA VINCI A MILANO<\/a>\n<\/h2>\t\t\t\t\t<div class=\"edgtf-post-excerpt-holder\">\n\t\t\t\t<p itemprop=\"description\" class=\"edgtf-post-excerpt\">\n\t\t\t\t\t\r\n\r\nCOMUNICATO STAMPA\r\n\r\nFirenze 3 Marzo 2015 \r\n\r\nConferenza\r\n\r\nDi che cibo 6?\r\n\r\nin collaborazione con Associazione Consonanze non\t\t\t\t<\/p>\n\t\t\t<\/div>\n\t\t\t\t<div class=\"edgtf-ni-info edgtf-ni-info-bottom\">\n            \t<div itemprop=\"dateCreated\" class=\"edgtf-post-info-date entry-date published updated\">\n\t\t\t\t\t<a itemprop=\"url\" href=\"https:\/\/www.dichecibo6.it\/new\/2015\/03\/\">\n\t\t\t\t\t03\/11\/2015\t\t<\/a>\n\t\t<meta itemprop=\"interactionCount\" content=\"UserComments: 0\"\/>\n\t<\/div>\n            \t\t<\/div>\n\t<\/div>\n<\/div><\/div><\/div>\t\t<\/div>\n\t<\/div>\n<\/div><\/div>[vc_empty_space height=&#8221;9px&#8221;]<div class=\"edgtf-news-holder edgtf-layout6 edgtf-news-columns-1 edgtf-normal-space\"  data-post-status=publish data-category-name=evento data-ignore-sticky-posts=1 data-posts-per-page=3 data-paged=1 data-max-num-pages=7 data-next-page=2 data-title-tag=h4 data-image-size=custom data-custom-image-width=170 data-custom-image-height=170 data-display-categories=yes data-display-excerpt=yes data-excerpt-length=8 data-display-date=yes data-date-format=published data-display-hot-trending-icons=yes data-layout=edgtf_layout6><div class=\"edgtf-news-list-title-holder\"><span class=\"edgtf-news-layout-title\">Editor&#039;s pick<\/span><\/div><div class=\"edgtf-news-list-inner edgtf-outer-space\" data-number-of-items=\"1\"   data-slider-speed=\"4000\" data-slider-speed-animation=\"600\"  ><div class=\"edgtf-news-item edgtf-layout6-item edgtf-item-space\">\n\t<div class=\"edgtf-ni-item-inner\">\n\t\t<div class=\"edgtf-ni-image-holder\">\n\t\t\t\t<div class=\"edgtf-post-image\">\n                <a itemprop=\"url\" href=\"https:\/\/www.dichecibo6.it\/new\/2026\/04\/28\/i-giorni-e-le-feste-il-rinascimento-fiorentino-a-tavola-2-2-2-2-2\/\" title=\"NUOVI SPAZI VERDI TERAPEUTICI &#8211; MADE IN FLORENCE\">\n\t\t\t<img loading=\"lazy\" decoding=\"async\" src=\"https:\/\/www.dichecibo6.it\/new\/wp-content\/uploads\/2026\/04\/4e7d66ff-1caa-4b77-a915-0067c39ea25e-170x170.jpeg\" alt=\"\" width=\"170\" height=\"170\" \/>\t\t<\/a>\n\t<\/div>\n            \t<div class=\"edgtf-post-info-category\">\n\t\t<a href=\"https:\/\/www.dichecibo6.it\/new\/prodotto\/evento\/\" rel=\"category tag\">evento<\/a>\t<\/div>\n\t\t<\/div>\n\t\t<div class=\"edgtf-ni-content\">\n\t\t\t\n<h4 itemprop=\"name\" class=\"entry-title edgtf-post-title \" >\n<a itemprop=\"url\" href=\"https:\/\/www.dichecibo6.it\/new\/2026\/04\/28\/i-giorni-e-le-feste-il-rinascimento-fiorentino-a-tavola-2-2-2-2-2\/\" title=\"NUOVI SPAZI VERDI TERAPEUTICI &#8211; MADE IN FLORENCE\">\n    NUOVI SPAZI VERDI TERAPEUTICI &#8211; MADE IN FLORENCE<\/a>\n<\/h4>            \t\t\t<div class=\"edgtf-post-excerpt-holder\">\n\t\t\t\t<p itemprop=\"description\" class=\"edgtf-post-excerpt\">\n\t\t\t\t\t\nAndrea Mati \u00e8 considerato e riconosciuto come uno\t\t\t\t<\/p>\n\t\t\t<\/div>\n\t\t\t\t\t<div class=\"edgtf-ni-info edgtf-ni-info-bottom\">\n\t\t\t\t\t<div itemprop=\"dateCreated\" class=\"edgtf-post-info-date entry-date published updated\">\n\t\t\t\t\t<a itemprop=\"url\" href=\"https:\/\/www.dichecibo6.it\/new\/2026\/04\/\">\n\t\t\t\t\t04\/28\/2026\t\t<\/a>\n\t\t<meta itemprop=\"interactionCount\" content=\"UserComments: 0\"\/>\n\t<\/div>\n\t\t\t<\/div>\n\t\t<\/div>\n\t<\/div>\n<\/div><div class=\"edgtf-news-item edgtf-layout6-item edgtf-item-space\">\n\t<div class=\"edgtf-ni-item-inner\">\n\t\t<div class=\"edgtf-ni-image-holder\">\n\t\t\t\t<div class=\"edgtf-post-image\">\n                <a itemprop=\"url\" href=\"https:\/\/www.dichecibo6.it\/new\/2024\/11\/18\/i-giorni-e-le-feste-il-rinascimento-fiorentino-a-tavola-2-2-2-2\/\" title=\"L&#8217;UVA VUOL FARE VINO &#8211; CONVERGENZE BIOLOGICHE\">\n\t\t\t<img loading=\"lazy\" decoding=\"async\" src=\"https:\/\/www.dichecibo6.it\/new\/wp-content\/uploads\/2024\/11\/61cc6d89-80a9-4de7-bc2e-97d3a003e9a6-170x170.jpeg\" alt=\"\" width=\"170\" height=\"170\" \/>\t\t<\/a>\n\t<\/div>\n            \t<div class=\"edgtf-post-info-category\">\n\t\t<a href=\"https:\/\/www.dichecibo6.it\/new\/prodotto\/evento\/\" rel=\"category tag\">evento<\/a>\t<\/div>\n\t\t<\/div>\n\t\t<div class=\"edgtf-ni-content\">\n\t\t\t\n<h4 itemprop=\"name\" class=\"entry-title edgtf-post-title \" >\n<a itemprop=\"url\" href=\"https:\/\/www.dichecibo6.it\/new\/2024\/11\/18\/i-giorni-e-le-feste-il-rinascimento-fiorentino-a-tavola-2-2-2-2\/\" title=\"L&#8217;UVA VUOL FARE VINO &#8211; CONVERGENZE BIOLOGICHE\">\n    L&#8217;UVA VUOL FARE VINO &#8211; CONVERGENZE BIOLOGICHE<\/a>\n<\/h4>            \t\t\t<div class=\"edgtf-post-excerpt-holder\">\n\t\t\t\t<p itemprop=\"description\" class=\"edgtf-post-excerpt\">\n\t\t\t\t\t\nPaolo Vagaggini, enologo senese, classe 1955, figlio d'arte,\t\t\t\t<\/p>\n\t\t\t<\/div>\n\t\t\t\t\t<div class=\"edgtf-ni-info edgtf-ni-info-bottom\">\n\t\t\t\t\t<div itemprop=\"dateCreated\" class=\"edgtf-post-info-date entry-date published updated\">\n\t\t\t\t\t<a itemprop=\"url\" href=\"https:\/\/www.dichecibo6.it\/new\/2024\/11\/\">\n\t\t\t\t\t11\/18\/2024\t\t<\/a>\n\t\t<meta itemprop=\"interactionCount\" content=\"UserComments: 0\"\/>\n\t<\/div>\n\t\t\t<\/div>\n\t\t<\/div>\n\t<\/div>\n<\/div><div class=\"edgtf-news-item edgtf-layout6-item edgtf-item-space\">\n\t<div class=\"edgtf-ni-item-inner\">\n\t\t<div class=\"edgtf-ni-image-holder\">\n\t\t\t\t<div class=\"edgtf-post-image\">\n                <a itemprop=\"url\" href=\"https:\/\/www.dichecibo6.it\/new\/2024\/01\/15\/i-giorni-e-le-feste-il-rinascimento-fiorentino-a-tavola-2-2-2\/\" title=\"Vino: Ricordi di esperienze sensoriali\">\n\t\t\t<img loading=\"lazy\" decoding=\"async\" src=\"https:\/\/www.dichecibo6.it\/new\/wp-content\/uploads\/2024\/01\/16af4dde-ed7a-4c6c-8eb3-e957940e3c32-170x170.jpeg\" alt=\"\" width=\"170\" height=\"170\" \/>\t\t<\/a>\n\t<\/div>\n            \t<div class=\"edgtf-post-info-category\">\n\t\t<a href=\"https:\/\/www.dichecibo6.it\/new\/prodotto\/evento\/\" rel=\"category tag\">evento<\/a>\t<\/div>\n\t\t<\/div>\n\t\t<div class=\"edgtf-ni-content\">\n\t\t\t\n<h4 itemprop=\"name\" class=\"entry-title edgtf-post-title \" >\n<a itemprop=\"url\" href=\"https:\/\/www.dichecibo6.it\/new\/2024\/01\/15\/i-giorni-e-le-feste-il-rinascimento-fiorentino-a-tavola-2-2-2\/\" title=\"Vino: Ricordi di esperienze sensoriali\">\n    Vino: Ricordi di esperienze sensoriali<\/a>\n<\/h4>            \t\t\t<div class=\"edgtf-post-excerpt-holder\">\n\t\t\t\t<p itemprop=\"description\" class=\"edgtf-post-excerpt\">\n\t\t\t\t\t\nSi terr\u00e0 venerd\u00ec 19 gennaio alle ore 16\t\t\t\t<\/p>\n\t\t\t<\/div>\n\t\t\t\t\t<div class=\"edgtf-ni-info edgtf-ni-info-bottom\">\n\t\t\t\t\t<div itemprop=\"dateCreated\" class=\"edgtf-post-info-date entry-date published updated\">\n\t\t\t\t\t<a itemprop=\"url\" href=\"https:\/\/www.dichecibo6.it\/new\/2024\/01\/\">\n\t\t\t\t\t01\/15\/2024\t\t<\/a>\n\t\t<meta itemprop=\"interactionCount\" content=\"UserComments: 0\"\/>\n\t<\/div>\n\t\t\t<\/div>\n\t\t<\/div>\n\t<\/div>\n<\/div><\/div><\/div>[vc_empty_space height=&#8221;50px&#8221;][\/vc_column][vc_column offset=&#8221;vc_col-lg-3 vc_col-md-12&#8243;][vc_empty_space height=&#8221;70px&#8221;]<div class=\"edgtf-news-holder edgtf-layout1 edgtf-news-columns-1 edgtf-large-space\"  data-post-status=publish data-post-in=6542,5533,5718 data-ignore-sticky-posts=1 data-posts-per-page=3 data-paged=1 data-max-num-pages=1 data-next-page=2 data-title-tag=h4 data-image-size=full data-display-categories=yes data-display-excerpt=no data-display-date=yes data-date-format=published data-display-like=yes data-display-comments=yes data-display-share=yes data-display-hot-trending-icons=yes data-layout=edgtf_layout1><div class=\"edgtf-news-list-inner edgtf-outer-space\" data-number-of-items=\"1\"   data-slider-speed=\"4000\" data-slider-speed-animation=\"600\"  ><div class=\"edgtf-news-item edgtf-layout1-item edgtf-item-space\">\n\t<div class=\"edgtf-ni-image-holder\">\n\t\t\t<div class=\"edgtf-post-image\">\n\t\t<a itemprop=\"url\" href=\"https:\/\/www.dichecibo6.it\/new\/2017\/02\/28\/presentazione-ebook-e-cena-la-cucina-garganica\/\" title=\"Presentazione Ebook e Cena: La Cucina garganica!\">\n\t\t\t<img loading=\"lazy\" decoding=\"async\" width=\"1024\" height=\"1024\" src=\"https:\/\/www.dichecibo6.it\/new\/wp-content\/uploads\/2017\/02\/LaCucinaGarganica_nicoletta_arbusti.jpg\" class=\"attachment-full size-full wp-post-image\" alt=\"\" srcset=\"https:\/\/www.dichecibo6.it\/new\/wp-content\/uploads\/2017\/02\/LaCucinaGarganica_nicoletta_arbusti.jpg 1024w, https:\/\/www.dichecibo6.it\/new\/wp-content\/uploads\/2017\/02\/LaCucinaGarganica_nicoletta_arbusti-300x300.jpg 300w, https:\/\/www.dichecibo6.it\/new\/wp-content\/uploads\/2017\/02\/LaCucinaGarganica_nicoletta_arbusti-100x100.jpg 100w, https:\/\/www.dichecibo6.it\/new\/wp-content\/uploads\/2017\/02\/LaCucinaGarganica_nicoletta_arbusti-600x600.jpg 600w, https:\/\/www.dichecibo6.it\/new\/wp-content\/uploads\/2017\/02\/LaCucinaGarganica_nicoletta_arbusti-150x150.jpg 150w, https:\/\/www.dichecibo6.it\/new\/wp-content\/uploads\/2017\/02\/LaCucinaGarganica_nicoletta_arbusti-768x768.jpg 768w\" sizes=\"auto, (max-width: 1024px) 100vw, 1024px\" \/>\t\t<\/a>\n\t<\/div>\n        <div class=\"edgtf-ni-like-comments-share-holder\">\n            \t<div class=\"edgtf-blog-like\">\n\t\t<a href=\"#\" class=\"edgtf-like\" id=\"edgtf-like-6542-841\" title=\"Like this\" data-post-id=\"6542\"><i class=\"edgtf-icon-like\"><svg xmlns=\"http:\/\/www.w3.org\/2000\/svg\" xmlns:xlink=\"http:\/\/www.w3.org\/1999\/xlink\" x=\"0px\" y=\"0px\" width=\"17px\" height=\"17px\" enable-background=\"new -3 -2 17 17\" xml:space=\"preserve\">\n\t\t\t\t\t<path fill=\"none\" stroke=\"#262626\" stroke-linecap=\"round\" stroke-linejoin=\"round\" stroke-miterlimit=\"10\" d=\"M5.5,2.902 C4.056-1.231,0.143-0.679-1.157,0.614c-1.625,1.621-1.948,3.928,0,6.802C1.507,11.351,5.5,13.331,5.5,13.331s3.995-1.98,6.656-5.915 c1.948-2.873,1.628-5.179,0-6.802C10.86-0.679,6.941-1.231,5.5,2.902z\" \/>\n\t\t\t\t<\/svg><\/i><span>0<\/span><input type=\"hidden\" id=\"edgtf_like_nonce_6542\" name=\"edgtf_like_nonce_6542\" value=\"afbae8f4a3\" \/><input type=\"hidden\" name=\"_wp_http_referer\" value=\"\/new\/wp-json\/wp\/v2\/pages\/8387\" \/><\/a>\t<\/div>\n            \t<div class=\"edgtf-post-info-comments-holder\">\n\t\t<a itemprop=\"url\" class=\"edgtf-post-info-comments\" href=\"https:\/\/www.dichecibo6.it\/new\/2017\/02\/28\/presentazione-ebook-e-cena-la-cucina-garganica\/#respond\" target=\"_self\">\n\t\t\t<i class=\"edgtf-icon-element\"><svg version=\"1.1\" xmlns=\"http:\/\/www.w3.org\/2000\/svg\" xmlns:xlink=\"http:\/\/www.w3.org\/1999\/xlink\" x=\"0px\" y=\"0px\" width=\"17px\" height=\"17px\" viewBox=\"-3 -2 17 17\" enable-background=\"new -3 -2 17 17\" xml:space=\"preserve\">\n\t\t\t\t\t<path fill=\"none\" stroke=\"#2B2B2B\" stroke-linecap=\"round\" stroke-linejoin=\"round\" stroke-miterlimit=\"10\" d=\"M12.125-0.602h-13.25 c-0.553,0-1,0.448-1,1v8.75c0,0.553,0.447,1,1,1h3.063v4.063l3.375-4.063h6.813c0.553,0,1-0.447,1-1v-8.75 C13.125-0.153,12.678-0.602,12.125-0.602z\"\/>\n\t\t\t\t<\/svg><\/i>\n\t\t\t<span class=\"edgtf-comments\">0<\/span>\n\t\t<\/a>\n\t<\/div>\n                    <\/div>\n\t<\/div>\n\t<div class=\"edgtf-ni-content\">\n\t\t<div class=\"edgtf-ni-info edgtf-ni-info-top\">\n            \t<div class=\"edgtf-post-info-category\">\n\t\t<a href=\"https:\/\/www.dichecibo6.it\/new\/prodotto\/evento\/\" rel=\"category tag\">evento<\/a>\t<\/div>\n\t\t<\/div>\n\t\t\n<h4 itemprop=\"name\" class=\"entry-title edgtf-post-title edgtf-custom-style\" >\n<a itemprop=\"url\" href=\"https:\/\/www.dichecibo6.it\/new\/2017\/02\/28\/presentazione-ebook-e-cena-la-cucina-garganica\/\" title=\"Presentazione Ebook e Cena: La Cucina garganica!\">\n    Presentazione Ebook e Cena: La Cucina garganica!<\/a>\n<\/h4>\t\t\t\t<div class=\"edgtf-ni-info edgtf-ni-info-bottom\">\n            \t<div itemprop=\"dateCreated\" class=\"edgtf-post-info-date entry-date published updated\">\n\t\t\t\t\t<a itemprop=\"url\" href=\"https:\/\/www.dichecibo6.it\/new\/2017\/02\/\">\n\t\t\t\t\t02\/28\/2017\t\t<\/a>\n\t\t<meta itemprop=\"interactionCount\" content=\"UserComments: 0\"\/>\n\t<\/div>\n            \t\t<\/div>\n\t<\/div>\n<\/div><div class=\"edgtf-news-item edgtf-layout1-item edgtf-item-space\">\n\t<div class=\"edgtf-ni-image-holder\">\n\t\t\t<div class=\"edgtf-post-image\">\n\t\t<a itemprop=\"url\" href=\"https:\/\/www.dichecibo6.it\/new\/2016\/03\/02\/l-amore-vien-mangiando\/\" title=\"L&#8217;AMORE VIEN MANGIANDO\">\n\t\t\t<img loading=\"lazy\" decoding=\"async\" width=\"880\" height=\"882\" src=\"https:\/\/www.dichecibo6.it\/new\/wp-content\/uploads\/2015\/09\/kliemann.jpg\" class=\"attachment-full size-full wp-post-image\" alt=\"\" srcset=\"https:\/\/www.dichecibo6.it\/new\/wp-content\/uploads\/2015\/09\/kliemann.jpg 880w, https:\/\/www.dichecibo6.it\/new\/wp-content\/uploads\/2015\/09\/kliemann-300x300.jpg 300w, https:\/\/www.dichecibo6.it\/new\/wp-content\/uploads\/2015\/09\/kliemann-100x100.jpg 100w, https:\/\/www.dichecibo6.it\/new\/wp-content\/uploads\/2015\/09\/kliemann-600x601.jpg 600w, https:\/\/www.dichecibo6.it\/new\/wp-content\/uploads\/2015\/09\/kliemann-150x150.jpg 150w, https:\/\/www.dichecibo6.it\/new\/wp-content\/uploads\/2015\/09\/kliemann-768x770.jpg 768w\" sizes=\"auto, (max-width: 880px) 100vw, 880px\" \/>\t\t<\/a>\n\t<\/div>\n        <div class=\"edgtf-ni-like-comments-share-holder\">\n            \t<div class=\"edgtf-blog-like\">\n\t\t<a href=\"#\" class=\"edgtf-like\" id=\"edgtf-like-5718-921\" title=\"Like this\" data-post-id=\"5718\"><i class=\"edgtf-icon-like\"><svg xmlns=\"http:\/\/www.w3.org\/2000\/svg\" xmlns:xlink=\"http:\/\/www.w3.org\/1999\/xlink\" x=\"0px\" y=\"0px\" width=\"17px\" height=\"17px\" enable-background=\"new -3 -2 17 17\" xml:space=\"preserve\">\n\t\t\t\t\t<path fill=\"none\" stroke=\"#262626\" stroke-linecap=\"round\" stroke-linejoin=\"round\" stroke-miterlimit=\"10\" d=\"M5.5,2.902 C4.056-1.231,0.143-0.679-1.157,0.614c-1.625,1.621-1.948,3.928,0,6.802C1.507,11.351,5.5,13.331,5.5,13.331s3.995-1.98,6.656-5.915 c1.948-2.873,1.628-5.179,0-6.802C10.86-0.679,6.941-1.231,5.5,2.902z\" \/>\n\t\t\t\t<\/svg><\/i><span>0<\/span><input type=\"hidden\" id=\"edgtf_like_nonce_5718\" name=\"edgtf_like_nonce_5718\" value=\"e3c1fd021c\" \/><input type=\"hidden\" name=\"_wp_http_referer\" value=\"\/new\/wp-json\/wp\/v2\/pages\/8387\" \/><\/a>\t<\/div>\n                                <\/div>\n\t<\/div>\n\t<div class=\"edgtf-ni-content\">\n\t\t<div class=\"edgtf-ni-info edgtf-ni-info-top\">\n            \t<div class=\"edgtf-post-info-category\">\n\t\t<a href=\"https:\/\/www.dichecibo6.it\/new\/prodotto\/evento\/\" rel=\"category tag\">evento<\/a>\t<\/div>\n\t\t<\/div>\n\t\t\n<h4 itemprop=\"name\" class=\"entry-title edgtf-post-title edgtf-custom-style\" >\n<a itemprop=\"url\" href=\"https:\/\/www.dichecibo6.it\/new\/2016\/03\/02\/l-amore-vien-mangiando\/\" title=\"L&#8217;AMORE VIEN MANGIANDO\">\n    L&#8217;AMORE VIEN MANGIANDO<\/a>\n<\/h4>\t\t\t\t<div class=\"edgtf-ni-info edgtf-ni-info-bottom\">\n            \t<div itemprop=\"dateCreated\" class=\"edgtf-post-info-date entry-date published updated\">\n\t\t\t\t\t<a itemprop=\"url\" href=\"https:\/\/www.dichecibo6.it\/new\/2016\/03\/\">\n\t\t\t\t\t03\/02\/2016\t\t<\/a>\n\t\t<meta itemprop=\"interactionCount\" content=\"UserComments: 0\"\/>\n\t<\/div>\n            \t\t<\/div>\n\t<\/div>\n<\/div><div class=\"edgtf-news-item edgtf-layout1-item edgtf-item-space\">\n\t<div class=\"edgtf-ni-image-holder\">\n\t\t\t<div class=\"edgtf-post-image\">\n\t\t<a itemprop=\"url\" href=\"https:\/\/www.dichecibo6.it\/new\/2014\/10\/14\/dichecibo6-numero-zero\/\" title=\"DICHECIBO6? &#8211; Numero Zero\">\n\t\t\t<img loading=\"lazy\" decoding=\"async\" width=\"425\" height=\"425\" src=\"https:\/\/www.dichecibo6.it\/new\/wp-content\/uploads\/2014\/11\/dichecibo6_invito_numerozero1.jpg\" class=\"attachment-full size-full wp-post-image\" alt=\"\" srcset=\"https:\/\/www.dichecibo6.it\/new\/wp-content\/uploads\/2014\/11\/dichecibo6_invito_numerozero1.jpg 425w, https:\/\/www.dichecibo6.it\/new\/wp-content\/uploads\/2014\/11\/dichecibo6_invito_numerozero1-300x300.jpg 300w, https:\/\/www.dichecibo6.it\/new\/wp-content\/uploads\/2014\/11\/dichecibo6_invito_numerozero1-100x100.jpg 100w, https:\/\/www.dichecibo6.it\/new\/wp-content\/uploads\/2014\/11\/dichecibo6_invito_numerozero1-150x150.jpg 150w\" sizes=\"auto, (max-width: 425px) 100vw, 425px\" \/>\t\t<\/a>\n\t<\/div>\n        <div class=\"edgtf-ni-like-comments-share-holder\">\n            \t<div class=\"edgtf-blog-like\">\n\t\t<a href=\"#\" class=\"edgtf-like\" id=\"edgtf-like-5533-704\" title=\"Like this\" data-post-id=\"5533\"><i class=\"edgtf-icon-like\"><svg xmlns=\"http:\/\/www.w3.org\/2000\/svg\" xmlns:xlink=\"http:\/\/www.w3.org\/1999\/xlink\" x=\"0px\" y=\"0px\" width=\"17px\" height=\"17px\" enable-background=\"new -3 -2 17 17\" xml:space=\"preserve\">\n\t\t\t\t\t<path fill=\"none\" stroke=\"#262626\" stroke-linecap=\"round\" stroke-linejoin=\"round\" stroke-miterlimit=\"10\" d=\"M5.5,2.902 C4.056-1.231,0.143-0.679-1.157,0.614c-1.625,1.621-1.948,3.928,0,6.802C1.507,11.351,5.5,13.331,5.5,13.331s3.995-1.98,6.656-5.915 c1.948-2.873,1.628-5.179,0-6.802C10.86-0.679,6.941-1.231,5.5,2.902z\" \/>\n\t\t\t\t<\/svg><\/i><span>0<\/span><input type=\"hidden\" id=\"edgtf_like_nonce_5533\" name=\"edgtf_like_nonce_5533\" value=\"de3d2f9c04\" \/><input type=\"hidden\" name=\"_wp_http_referer\" value=\"\/new\/wp-json\/wp\/v2\/pages\/8387\" \/><\/a>\t<\/div>\n            \t<div class=\"edgtf-post-info-comments-holder\">\n\t\t<a itemprop=\"url\" class=\"edgtf-post-info-comments\" href=\"https:\/\/www.dichecibo6.it\/new\/2014\/10\/14\/dichecibo6-numero-zero\/#respond\" target=\"_self\">\n\t\t\t<i class=\"edgtf-icon-element\"><svg version=\"1.1\" xmlns=\"http:\/\/www.w3.org\/2000\/svg\" xmlns:xlink=\"http:\/\/www.w3.org\/1999\/xlink\" x=\"0px\" y=\"0px\" width=\"17px\" height=\"17px\" viewBox=\"-3 -2 17 17\" enable-background=\"new -3 -2 17 17\" xml:space=\"preserve\">\n\t\t\t\t\t<path fill=\"none\" stroke=\"#2B2B2B\" stroke-linecap=\"round\" stroke-linejoin=\"round\" stroke-miterlimit=\"10\" d=\"M12.125-0.602h-13.25 c-0.553,0-1,0.448-1,1v8.75c0,0.553,0.447,1,1,1h3.063v4.063l3.375-4.063h6.813c0.553,0,1-0.447,1-1v-8.75 C13.125-0.153,12.678-0.602,12.125-0.602z\"\/>\n\t\t\t\t<\/svg><\/i>\n\t\t\t<span class=\"edgtf-comments\">0<\/span>\n\t\t<\/a>\n\t<\/div>\n                    <\/div>\n\t<\/div>\n\t<div class=\"edgtf-ni-content\">\n\t\t<div class=\"edgtf-ni-info edgtf-ni-info-top\">\n            \t<div class=\"edgtf-post-info-category\">\n\t\t<a href=\"https:\/\/www.dichecibo6.it\/new\/prodotto\/evento\/\" rel=\"category tag\">evento<\/a>\t<\/div>\n\t\t<\/div>\n\t\t\n<h4 itemprop=\"name\" class=\"entry-title edgtf-post-title edgtf-custom-style\" >\n<a itemprop=\"url\" href=\"https:\/\/www.dichecibo6.it\/new\/2014\/10\/14\/dichecibo6-numero-zero\/\" title=\"DICHECIBO6? &#8211; Numero Zero\">\n    DICHECIBO6? &#8211; Numero Zero<\/a>\n<\/h4>\t\t\t\t<div class=\"edgtf-ni-info edgtf-ni-info-bottom\">\n            \t<div itemprop=\"dateCreated\" class=\"edgtf-post-info-date entry-date published updated\">\n\t\t\t\t\t<a itemprop=\"url\" href=\"https:\/\/www.dichecibo6.it\/new\/2014\/10\/\">\n\t\t\t\t\t10\/14\/2014\t\t<\/a>\n\t\t<meta itemprop=\"interactionCount\" content=\"UserComments: 0\"\/>\n\t<\/div>\n            \t\t<\/div>\n\t<\/div>\n<\/div><\/div><\/div>[vc_empty_space height=&#8221;50px&#8221;][\/vc_column][vc_column offset=&#8221;vc_col-lg-4 vc_col-md-12&#8243; css=&#8221;.vc_custom_1523460386945{margin-top: -70px !important;padding-top: 0px !important;}&#8221;][vc_widget_sidebar sidebar_id=&#8221;home-1-sidebar-1&#8243;][vc_empty_space height=&#8221;27px&#8221;]<div class=\"edgtf-news-holder edgtf-layout1 edgtf-news-columns-1 edgtf-small-space\"  data-post-status=publish data-post-in=1 data-ignore-sticky-posts=1 data-posts-per-page=1 data-paged=1 data-max-num-pages=1 data-next-page=2 data-title-tag=h3 data-image-size=full data-display-categories=yes data-display-excerpt=yes data-excerpt-length=12 data-display-date=yes data-date-format=published data-display-like=yes data-display-comments=yes data-display-share=yes data-display-hot-trending-icons=yes data-layout=edgtf_layout1><div class=\"edgtf-news-list-inner edgtf-outer-space\" data-number-of-items=\"1\"   data-slider-speed=\"4000\" data-slider-speed-animation=\"600\"  ><div class=\"edgtf-news-item edgtf-layout1-item edgtf-item-space\">\n\t<div class=\"edgtf-ni-image-holder\">\n\t\t\t<div class=\"edgtf-post-image\">\n\t\t<a itemprop=\"url\" href=\"https:\/\/www.dichecibo6.it\/new\/2016\/02\/07\/la-produzione-del-cibo-bioenergetico\/\" title=\"LA PRODUZIONE DEL CIBO BIOENERGETICO\">\n\t\t\t<img loading=\"lazy\" decoding=\"async\" width=\"811\" height=\"811\" src=\"https:\/\/www.dichecibo6.it\/new\/wp-content\/uploads\/2014\/11\/dichecibo_nicoletta_arbusti_noa-food.jpg\" class=\"attachment-full size-full wp-post-image\" alt=\"\" srcset=\"https:\/\/www.dichecibo6.it\/new\/wp-content\/uploads\/2014\/11\/dichecibo_nicoletta_arbusti_noa-food.jpg 811w, https:\/\/www.dichecibo6.it\/new\/wp-content\/uploads\/2014\/11\/dichecibo_nicoletta_arbusti_noa-food-300x300.jpg 300w, https:\/\/www.dichecibo6.it\/new\/wp-content\/uploads\/2014\/11\/dichecibo_nicoletta_arbusti_noa-food-100x100.jpg 100w, https:\/\/www.dichecibo6.it\/new\/wp-content\/uploads\/2014\/11\/dichecibo_nicoletta_arbusti_noa-food-600x600.jpg 600w, https:\/\/www.dichecibo6.it\/new\/wp-content\/uploads\/2014\/11\/dichecibo_nicoletta_arbusti_noa-food-150x150.jpg 150w\" sizes=\"auto, (max-width: 811px) 100vw, 811px\" \/>\t\t<\/a>\n\t<\/div>\n        <div class=\"edgtf-ni-like-comments-share-holder\">\n            \t<div class=\"edgtf-blog-like\">\n\t\t<a href=\"#\" class=\"edgtf-like\" id=\"edgtf-like-1-248\" title=\"Like this\" data-post-id=\"1\"><i class=\"edgtf-icon-like\"><svg xmlns=\"http:\/\/www.w3.org\/2000\/svg\" xmlns:xlink=\"http:\/\/www.w3.org\/1999\/xlink\" x=\"0px\" y=\"0px\" width=\"17px\" height=\"17px\" enable-background=\"new -3 -2 17 17\" xml:space=\"preserve\">\n\t\t\t\t\t<path fill=\"none\" stroke=\"#262626\" stroke-linecap=\"round\" stroke-linejoin=\"round\" stroke-miterlimit=\"10\" d=\"M5.5,2.902 C4.056-1.231,0.143-0.679-1.157,0.614c-1.625,1.621-1.948,3.928,0,6.802C1.507,11.351,5.5,13.331,5.5,13.331s3.995-1.98,6.656-5.915 c1.948-2.873,1.628-5.179,0-6.802C10.86-0.679,6.941-1.231,5.5,2.902z\" \/>\n\t\t\t\t<\/svg><\/i><span>0<\/span><input type=\"hidden\" id=\"edgtf_like_nonce_1\" name=\"edgtf_like_nonce_1\" value=\"08196da11f\" \/><input type=\"hidden\" name=\"_wp_http_referer\" value=\"\/new\/wp-json\/wp\/v2\/pages\/8387\" \/><\/a>\t<\/div>\n                                <\/div>\n\t<\/div>\n\t<div class=\"edgtf-ni-content\">\n\t\t<div class=\"edgtf-ni-info edgtf-ni-info-top\">\n            \t<div class=\"edgtf-post-info-category\">\n\t\t<a href=\"https:\/\/www.dichecibo6.it\/new\/prodotto\/evento\/\" rel=\"category tag\">evento<\/a>\t<\/div>\n\t\t<\/div>\n\t\t\n<h3 itemprop=\"name\" class=\"entry-title edgtf-post-title edgtf-custom-style\" >\n<a itemprop=\"url\" href=\"https:\/\/www.dichecibo6.it\/new\/2016\/02\/07\/la-produzione-del-cibo-bioenergetico\/\" title=\"LA PRODUZIONE DEL CIBO BIOENERGETICO\">\n    LA PRODUZIONE DEL CIBO BIOENERGETICO<\/a>\n<\/h3>\t\t\t\t\t<div class=\"edgtf-post-excerpt-holder\">\n\t\t\t\t<p itemprop=\"description\" class=\"edgtf-post-excerpt\">\n\t\t\t\t\t\r\n\r\n&nbsp;\r\nQuesto evento col Dr. Andrea Battiata, fa parte di un progetto promosso\t\t\t\t<\/p>\n\t\t\t<\/div>\n\t\t\t\t<div class=\"edgtf-ni-info edgtf-ni-info-bottom\">\n            \t<div itemprop=\"dateCreated\" class=\"edgtf-post-info-date entry-date published updated\">\n\t\t\t\t\t<a itemprop=\"url\" href=\"https:\/\/www.dichecibo6.it\/new\/2016\/02\/\">\n\t\t\t\t\t02\/07\/2016\t\t<\/a>\n\t\t<meta itemprop=\"interactionCount\" content=\"UserComments: 0\"\/>\n\t<\/div>\n            \t\t<\/div>\n\t<\/div>\n<\/div><\/div><\/div>[vc_empty_space height=&#8221;10px&#8221;]<div class=\"edgtf-banner-holder  edgtf-visible-on-hover edgtf-banner-info-default\">\n    <div class=\"edgtf-banner-image\">\n        <img loading=\"lazy\" decoding=\"async\" width=\"1000\" height=\"694\" src=\"https:\/\/www.dichecibo6.it\/new\/wp-content\/uploads\/2019\/08\/di_che_cibo_6_firenze_florence.jpg\" class=\"attachment-full size-full\" alt=\"\" srcset=\"https:\/\/www.dichecibo6.it\/new\/wp-content\/uploads\/2019\/08\/di_che_cibo_6_firenze_florence.jpg 1000w, https:\/\/www.dichecibo6.it\/new\/wp-content\/uploads\/2019\/08\/di_che_cibo_6_firenze_florence-300x208.jpg 300w, https:\/\/www.dichecibo6.it\/new\/wp-content\/uploads\/2019\/08\/di_che_cibo_6_firenze_florence-768x533.jpg 768w, https:\/\/www.dichecibo6.it\/new\/wp-content\/uploads\/2019\/08\/di_che_cibo_6_firenze_florence-600x416.jpg 600w\" sizes=\"auto, (max-width: 1000px) 100vw, 1000px\" \/>    <\/div>\n    <div class=\"edgtf-banner-text-holder\" style=\"background-color: rgba(255,255,255,0.2)\">\n\t    <div class=\"edgtf-banner-text-outer\">\n\t\t    <div class=\"edgtf-banner-text-inner\">\n\t\t        \t\t        \t\t\t\t\t\t\t<\/div>\n\t\t<\/div>\n\t<\/div>\n\t        <a itemprop=\"url\" class=\"edgtf-banner-link\" href=\"https:\/\/magazine.dichecibo6.it\/\" target=\"_self\"><\/a>\n    <\/div>[\/vc_column][\/vc_row][vc_row row_content_width=&#8221;grid&#8221; css=&#8221;.vc_custom_1526028302784{padding-top: 10px !important;padding-bottom: 30px !important;}&#8221;][vc_column]<div class=\"edgtf-news-holder edgtf-layout7 edgtf-news-columns-4 edgtf-large-space\"  data-post-status=publish data-post-in=6093,1,5529,5495 data-ignore-sticky-posts=1 data-posts-per-page=4 data-paged=1 data-max-num-pages=1 data-next-page=2 data-title-tag=h4 data-display-categories=yes data-display-date=yes data-date-format=difference data-layout=edgtf_layout7><div class=\"edgtf-news-list-title-holder\"><span class=\"edgtf-news-layout-title\">Incontri<\/span><\/div><div class=\"edgtf-news-list-inner edgtf-outer-space\" data-number-of-items=\"1\"   data-slider-speed=\"4000\" data-slider-speed-animation=\"600\"  ><div class=\"edgtf-news-item edgtf-layout7-item edgtf-item-space edgtf-vertical-separator \">\n\t<div class=\"edgtf-ni-content\">\n\t\t\n<h4 itemprop=\"name\" class=\"entry-title edgtf-post-title \" >\n<a itemprop=\"url\" href=\"https:\/\/www.dichecibo6.it\/new\/2016\/05\/11\/materiali-antichi-in-architettura-e-loro-impiego-in-alcuni-processi-di-vinificazione\/\" title=\"Incontro con il Prof. Arch. Massimo Ricci\">\n    Incontro con il Prof. Arch. Massimo Ricci<\/a>\n<\/h4>        <div class=\"edgtf-ni-info edgtf-ni-info-bottom\">\n            \t<div itemprop=\"dateCreated\" class=\"edgtf-post-info-date entry-date published updated\">\n\t\t\t\t\t<a itemprop=\"url\" href=\"https:\/\/www.dichecibo6.it\/new\/2016\/05\/\">\n\t\t\t\t\t10 anni ago\t\t<\/a>\n\t\t<meta itemprop=\"interactionCount\" content=\"UserComments: 0\"\/>\n\t<\/div>\n            \t<div class=\"edgtf-post-info-category\">\n\t\t<a href=\"https:\/\/www.dichecibo6.it\/new\/prodotto\/evento\/\" rel=\"category tag\">evento<\/a>\t<\/div>\n        <\/div>\n\t<\/div>\n<\/div><div class=\"edgtf-news-item edgtf-layout7-item edgtf-item-space edgtf-vertical-separator \">\n\t<div class=\"edgtf-ni-content\">\n\t\t\n<h4 itemprop=\"name\" class=\"entry-title edgtf-post-title \" >\n<a itemprop=\"url\" href=\"https:\/\/www.dichecibo6.it\/new\/2016\/02\/07\/la-produzione-del-cibo-bioenergetico\/\" title=\"LA PRODUZIONE DEL CIBO BIOENERGETICO\">\n    LA PRODUZIONE DEL CIBO BIOENERGETICO<\/a>\n<\/h4>        <div class=\"edgtf-ni-info edgtf-ni-info-bottom\">\n            \t<div itemprop=\"dateCreated\" class=\"edgtf-post-info-date entry-date published updated\">\n\t\t\t\t\t<a itemprop=\"url\" href=\"https:\/\/www.dichecibo6.it\/new\/2016\/02\/\">\n\t\t\t\t\t10 anni ago\t\t<\/a>\n\t\t<meta itemprop=\"interactionCount\" content=\"UserComments: 0\"\/>\n\t<\/div>\n            \t<div class=\"edgtf-post-info-category\">\n\t\t<a href=\"https:\/\/www.dichecibo6.it\/new\/prodotto\/evento\/\" rel=\"category tag\">evento<\/a>\t<\/div>\n        <\/div>\n\t<\/div>\n<\/div><div class=\"edgtf-news-item edgtf-layout7-item edgtf-item-space edgtf-vertical-separator \">\n\t<div class=\"edgtf-ni-content\">\n\t\t\n<h4 itemprop=\"name\" class=\"entry-title edgtf-post-title \" >\n<a itemprop=\"url\" href=\"https:\/\/www.dichecibo6.it\/new\/2015\/03\/15\/alla-scoperta-del-cibo-sai-cosa-mangi\/\" title=\"ALLA SCOPERTA DEL CIBO &#8211; Sai cosa mangi?\">\n    ALLA SCOPERTA DEL CIBO &#8211; Sai cosa mangi?<\/a>\n<\/h4>        <div class=\"edgtf-ni-info edgtf-ni-info-bottom\">\n            \t<div itemprop=\"dateCreated\" class=\"edgtf-post-info-date entry-date published updated\">\n\t\t\t\t\t<a itemprop=\"url\" href=\"https:\/\/www.dichecibo6.it\/new\/2015\/03\/\">\n\t\t\t\t\t11 anni ago\t\t<\/a>\n\t\t<meta itemprop=\"interactionCount\" content=\"UserComments: 0\"\/>\n\t<\/div>\n            \t<div class=\"edgtf-post-info-category\">\n\t\t<a href=\"https:\/\/www.dichecibo6.it\/new\/prodotto\/evento\/\" rel=\"category tag\">evento<\/a>\t<\/div>\n        <\/div>\n\t<\/div>\n<\/div><div class=\"edgtf-news-item edgtf-layout7-item edgtf-item-space edgtf-vertical-separator \">\n\t<div class=\"edgtf-ni-content\">\n\t\t\n<h4 itemprop=\"name\" class=\"entry-title edgtf-post-title \" >\n<a itemprop=\"url\" href=\"https:\/\/www.dichecibo6.it\/new\/2015\/03\/11\/leonardo-da-vinci-a-milano-mestro-di-cucina-e-di-banchetti\/\" title=\"LEONARDO DA VINCI A MILANO\">\n    LEONARDO DA VINCI A MILANO<\/a>\n<\/h4>        <div class=\"edgtf-ni-info edgtf-ni-info-bottom\">\n            \t<div itemprop=\"dateCreated\" class=\"edgtf-post-info-date entry-date published updated\">\n\t\t\t\t\t<a itemprop=\"url\" href=\"https:\/\/www.dichecibo6.it\/new\/2015\/03\/\">\n\t\t\t\t\t11 anni ago\t\t<\/a>\n\t\t<meta itemprop=\"interactionCount\" content=\"UserComments: 0\"\/>\n\t<\/div>\n            \t<div class=\"edgtf-post-info-category\">\n\t\t<a href=\"https:\/\/www.dichecibo6.it\/new\/prodotto\/evento\/\" rel=\"category tag\">evento<\/a>\t<\/div>\n        <\/div>\n\t<\/div>\n<\/div><\/div><\/div>[\/vc_column][\/vc_row][vc_row row_content_width=&#8221;grid&#8221; css=&#8221;.vc_custom_1523603510042{padding-top: 65px !important;padding-bottom: 16px !important;}&#8221;][vc_column offset=&#8221;vc_col-lg-12 vc_col-md-12&#8243;]<div class=\"edgtf-elements-holder   edgtf-two-columns  edgtf-responsive-mode-1024 \" ><div class=\"edgtf-eh-item    \"  data-item-class=\"edgtf-eh-custom-7405\" data-768-1024=\"0 0\" data-680-768=\"0 0\" data-680=\"0 0\">\n\t<div class=\"edgtf-eh-item-inner\">\n\t\t<div class=\"edgtf-eh-item-content edgtf-eh-custom-7405\" >\n\t\t\t<div class=\"edgtf-news-holder edgtf-post-carousel2 edgtf-post-dual-carousel edgtf-no-space\"  data-post-status=publish data-post-in=5529,5495,6542 data-ignore-sticky-posts=1 data-posts-per-page=3 data-paged=1 data-max-num-pages=1 data-next-page=2 data-title-tag=h3 data-image-size=custom data-custom-image-width=800 data-custom-image-height=534 data-display-categories=yes data-display-date=yes data-date-format=difference data-display-like=yes data-display-comments=yes data-display-hot-trending-icons=no data-layout=edgtf_post_carousel2><div class=\"edgtf-news-list-inner edgtf-owl-slider\" data-number-of-items=\"1\"   data-slider-speed=\"4000\" data-slider-speed-animation=\"1000\"   data-enable-auto-height=\"yes\" data-nested-item-selector=\"edgtf-ni-image-holder\" data-slider-mouse-drag=\"no\"><div class=\"edgtf-news-item edgtf-layout9-item edgtf-item-space\">\r\n\t<div class=\"edgtf-layout-9-background\"><\/div>\r\n\t<div class=\"edgtf-ni-image-holder\">\r\n\t\t\t<div class=\"edgtf-post-image-background\" style=\"background-image: url( https:\/\/www.dichecibo6.it\/new\/wp-content\/uploads\/2017\/02\/LaCucinaGarganica_nicoletta_arbusti.jpg)\">\n\t\t<a itemprop=\"url\" href=\"https:\/\/www.dichecibo6.it\/new\/2017\/02\/28\/presentazione-ebook-e-cena-la-cucina-garganica\/\" title=\"Presentazione Ebook e Cena: La Cucina garganica!\"><\/a>\n\t<\/div>\n        <div class=\"edgtf-ni-like-comments-share-holder\">\r\n            \t<div class=\"edgtf-blog-like\">\n\t\t<a href=\"#\" class=\"edgtf-like\" id=\"edgtf-like-6542-765\" title=\"Like this\" data-post-id=\"6542\"><i class=\"edgtf-icon-like\"><svg xmlns=\"http:\/\/www.w3.org\/2000\/svg\" xmlns:xlink=\"http:\/\/www.w3.org\/1999\/xlink\" x=\"0px\" y=\"0px\" width=\"17px\" height=\"17px\" enable-background=\"new -3 -2 17 17\" xml:space=\"preserve\">\n\t\t\t\t\t<path fill=\"none\" stroke=\"#262626\" stroke-linecap=\"round\" stroke-linejoin=\"round\" stroke-miterlimit=\"10\" d=\"M5.5,2.902 C4.056-1.231,0.143-0.679-1.157,0.614c-1.625,1.621-1.948,3.928,0,6.802C1.507,11.351,5.5,13.331,5.5,13.331s3.995-1.98,6.656-5.915 c1.948-2.873,1.628-5.179,0-6.802C10.86-0.679,6.941-1.231,5.5,2.902z\" \/>\n\t\t\t\t<\/svg><\/i><span>0<\/span><input type=\"hidden\" id=\"edgtf_like_nonce_6542\" name=\"edgtf_like_nonce_6542\" value=\"afbae8f4a3\" \/><input type=\"hidden\" name=\"_wp_http_referer\" value=\"\/new\/wp-json\/wp\/v2\/pages\/8387\" \/><\/a>\t<\/div>\n            \t<div class=\"edgtf-post-info-comments-holder\">\n\t\t<a itemprop=\"url\" class=\"edgtf-post-info-comments\" href=\"https:\/\/www.dichecibo6.it\/new\/2017\/02\/28\/presentazione-ebook-e-cena-la-cucina-garganica\/#respond\" target=\"_self\">\n\t\t\t<i class=\"edgtf-icon-element\"><svg version=\"1.1\" xmlns=\"http:\/\/www.w3.org\/2000\/svg\" xmlns:xlink=\"http:\/\/www.w3.org\/1999\/xlink\" x=\"0px\" y=\"0px\" width=\"17px\" height=\"17px\" viewBox=\"-3 -2 17 17\" enable-background=\"new -3 -2 17 17\" xml:space=\"preserve\">\n\t\t\t\t\t<path fill=\"none\" stroke=\"#2B2B2B\" stroke-linecap=\"round\" stroke-linejoin=\"round\" stroke-miterlimit=\"10\" d=\"M12.125-0.602h-13.25 c-0.553,0-1,0.448-1,1v8.75c0,0.553,0.447,1,1,1h3.063v4.063l3.375-4.063h6.813c0.553,0,1-0.447,1-1v-8.75 C13.125-0.153,12.678-0.602,12.125-0.602z\"\/>\n\t\t\t\t<\/svg><\/i>\n\t\t\t<span class=\"edgtf-comments\">0<\/span>\n\t\t<\/a>\n\t<\/div>\n                    <\/div>\r\n\t<\/div>\r\n\t<div class=\"edgtf-ni-content\">\r\n\t\t<div class=\"edgtf-ni-content-inner\">\r\n\t\t\t<div class=\"edgtf-ni-info edgtf-ni-info-top\">\r\n\t            \t<div class=\"edgtf-post-info-category\">\n\t\t<a href=\"https:\/\/www.dichecibo6.it\/new\/prodotto\/evento\/\" rel=\"category tag\">evento<\/a>\t<\/div>\n\t\t\t<\/div>\r\n\t\t\t\n<h3 itemprop=\"name\" class=\"entry-title edgtf-post-title \" >\n<a itemprop=\"url\" href=\"https:\/\/www.dichecibo6.it\/new\/2017\/02\/28\/presentazione-ebook-e-cena-la-cucina-garganica\/\" title=\"Presentazione Ebook e Cena: La Cucina garganica!\">\n    Presentazione Ebook e Cena: La Cucina garganica!<\/a>\n<\/h3>\t\t\t\t\t\t<div class=\"edgtf-ni-info edgtf-ni-info-bottom\">\r\n\t            \t<div itemprop=\"dateCreated\" class=\"edgtf-post-info-date entry-date published updated\">\n\t\t\t\t\t<a itemprop=\"url\" href=\"https:\/\/www.dichecibo6.it\/new\/2017\/02\/\">\n\t\t\t\t\t9 anni ago\t\t<\/a>\n\t\t<meta itemprop=\"interactionCount\" content=\"UserComments: 0\"\/>\n\t<\/div>\n\t\t\t\t\t\t\t<\/div>\r\n\t\t<\/div>\r\n\t<\/div>\r\n<\/div><div class=\"edgtf-news-item edgtf-layout9-item edgtf-item-space\">\r\n\t<div class=\"edgtf-layout-9-background\"><\/div>\r\n\t<div class=\"edgtf-ni-image-holder\">\r\n\t\t\t<div class=\"edgtf-post-image-background\" style=\"background-image: url( https:\/\/www.dichecibo6.it\/new\/wp-content\/uploads\/2014\/11\/Invito_dichecibo_Diolaiuti1.jpg)\">\n\t\t<a itemprop=\"url\" href=\"https:\/\/www.dichecibo6.it\/new\/2015\/03\/15\/alla-scoperta-del-cibo-sai-cosa-mangi\/\" title=\"ALLA SCOPERTA DEL CIBO &#8211; Sai cosa mangi?\"><\/a>\n\t<\/div>\n        <div class=\"edgtf-ni-like-comments-share-holder\">\r\n            \t<div class=\"edgtf-blog-like\">\n\t\t<a href=\"#\" class=\"edgtf-like\" id=\"edgtf-like-5495-319\" title=\"Like this\" data-post-id=\"5495\"><i class=\"edgtf-icon-like\"><svg xmlns=\"http:\/\/www.w3.org\/2000\/svg\" xmlns:xlink=\"http:\/\/www.w3.org\/1999\/xlink\" x=\"0px\" y=\"0px\" width=\"17px\" height=\"17px\" enable-background=\"new -3 -2 17 17\" xml:space=\"preserve\">\n\t\t\t\t\t<path fill=\"none\" stroke=\"#262626\" stroke-linecap=\"round\" stroke-linejoin=\"round\" stroke-miterlimit=\"10\" d=\"M5.5,2.902 C4.056-1.231,0.143-0.679-1.157,0.614c-1.625,1.621-1.948,3.928,0,6.802C1.507,11.351,5.5,13.331,5.5,13.331s3.995-1.98,6.656-5.915 c1.948-2.873,1.628-5.179,0-6.802C10.86-0.679,6.941-1.231,5.5,2.902z\" \/>\n\t\t\t\t<\/svg><\/i><span>0<\/span><input type=\"hidden\" id=\"edgtf_like_nonce_5495\" name=\"edgtf_like_nonce_5495\" value=\"e977ced2be\" \/><input type=\"hidden\" name=\"_wp_http_referer\" value=\"\/new\/wp-json\/wp\/v2\/pages\/8387\" \/><\/a>\t<\/div>\n            \t<div class=\"edgtf-post-info-comments-holder\">\n\t\t<a itemprop=\"url\" class=\"edgtf-post-info-comments\" href=\"https:\/\/www.dichecibo6.it\/new\/2015\/03\/15\/alla-scoperta-del-cibo-sai-cosa-mangi\/#respond\" target=\"_self\">\n\t\t\t<i class=\"edgtf-icon-element\"><svg version=\"1.1\" xmlns=\"http:\/\/www.w3.org\/2000\/svg\" xmlns:xlink=\"http:\/\/www.w3.org\/1999\/xlink\" x=\"0px\" y=\"0px\" width=\"17px\" height=\"17px\" viewBox=\"-3 -2 17 17\" enable-background=\"new -3 -2 17 17\" xml:space=\"preserve\">\n\t\t\t\t\t<path fill=\"none\" stroke=\"#2B2B2B\" stroke-linecap=\"round\" stroke-linejoin=\"round\" stroke-miterlimit=\"10\" d=\"M12.125-0.602h-13.25 c-0.553,0-1,0.448-1,1v8.75c0,0.553,0.447,1,1,1h3.063v4.063l3.375-4.063h6.813c0.553,0,1-0.447,1-1v-8.75 C13.125-0.153,12.678-0.602,12.125-0.602z\"\/>\n\t\t\t\t<\/svg><\/i>\n\t\t\t<span class=\"edgtf-comments\">0<\/span>\n\t\t<\/a>\n\t<\/div>\n                    <\/div>\r\n\t<\/div>\r\n\t<div class=\"edgtf-ni-content\">\r\n\t\t<div class=\"edgtf-ni-content-inner\">\r\n\t\t\t<div class=\"edgtf-ni-info edgtf-ni-info-top\">\r\n\t            \t<div class=\"edgtf-post-info-category\">\n\t\t<a href=\"https:\/\/www.dichecibo6.it\/new\/prodotto\/evento\/\" rel=\"category tag\">evento<\/a>\t<\/div>\n\t\t\t<\/div>\r\n\t\t\t\n<h3 itemprop=\"name\" class=\"entry-title edgtf-post-title \" >\n<a itemprop=\"url\" href=\"https:\/\/www.dichecibo6.it\/new\/2015\/03\/15\/alla-scoperta-del-cibo-sai-cosa-mangi\/\" title=\"ALLA SCOPERTA DEL CIBO &#8211; Sai cosa mangi?\">\n    ALLA SCOPERTA DEL CIBO &#8211; Sai cosa mangi?<\/a>\n<\/h3>\t\t\t\t\t\t<div class=\"edgtf-ni-info edgtf-ni-info-bottom\">\r\n\t            \t<div itemprop=\"dateCreated\" class=\"edgtf-post-info-date entry-date published updated\">\n\t\t\t\t\t<a itemprop=\"url\" href=\"https:\/\/www.dichecibo6.it\/new\/2015\/03\/\">\n\t\t\t\t\t11 anni ago\t\t<\/a>\n\t\t<meta itemprop=\"interactionCount\" content=\"UserComments: 0\"\/>\n\t<\/div>\n\t\t\t\t\t\t\t<\/div>\r\n\t\t<\/div>\r\n\t<\/div>\r\n<\/div><div class=\"edgtf-news-item edgtf-layout9-item edgtf-item-space\">\r\n\t<div class=\"edgtf-layout-9-background\"><\/div>\r\n\t<div class=\"edgtf-ni-image-holder\">\r\n\t\t\t<div class=\"edgtf-post-image-background\" style=\"background-image: url( https:\/\/www.dichecibo6.it\/new\/wp-content\/uploads\/2014\/11\/Invito_dichecibo6_Leonardo1.jpg)\">\n\t\t<a itemprop=\"url\" href=\"https:\/\/www.dichecibo6.it\/new\/2015\/03\/11\/leonardo-da-vinci-a-milano-mestro-di-cucina-e-di-banchetti\/\" title=\"LEONARDO DA VINCI A MILANO\"><\/a>\n\t<\/div>\n        <div class=\"edgtf-ni-like-comments-share-holder\">\r\n            \t<div class=\"edgtf-blog-like\">\n\t\t<a href=\"#\" class=\"edgtf-like\" id=\"edgtf-like-5529-209\" title=\"Like this\" data-post-id=\"5529\"><i class=\"edgtf-icon-like\"><svg xmlns=\"http:\/\/www.w3.org\/2000\/svg\" xmlns:xlink=\"http:\/\/www.w3.org\/1999\/xlink\" x=\"0px\" y=\"0px\" width=\"17px\" height=\"17px\" enable-background=\"new -3 -2 17 17\" xml:space=\"preserve\">\n\t\t\t\t\t<path fill=\"none\" stroke=\"#262626\" stroke-linecap=\"round\" stroke-linejoin=\"round\" stroke-miterlimit=\"10\" d=\"M5.5,2.902 C4.056-1.231,0.143-0.679-1.157,0.614c-1.625,1.621-1.948,3.928,0,6.802C1.507,11.351,5.5,13.331,5.5,13.331s3.995-1.98,6.656-5.915 c1.948-2.873,1.628-5.179,0-6.802C10.86-0.679,6.941-1.231,5.5,2.902z\" \/>\n\t\t\t\t<\/svg><\/i><span>0<\/span><input type=\"hidden\" id=\"edgtf_like_nonce_5529\" name=\"edgtf_like_nonce_5529\" value=\"2b513cb6aa\" \/><input type=\"hidden\" name=\"_wp_http_referer\" value=\"\/new\/wp-json\/wp\/v2\/pages\/8387\" \/><\/a>\t<\/div>\n            \t<div class=\"edgtf-post-info-comments-holder\">\n\t\t<a itemprop=\"url\" class=\"edgtf-post-info-comments\" href=\"https:\/\/www.dichecibo6.it\/new\/2015\/03\/11\/leonardo-da-vinci-a-milano-mestro-di-cucina-e-di-banchetti\/#respond\" target=\"_self\">\n\t\t\t<i class=\"edgtf-icon-element\"><svg version=\"1.1\" xmlns=\"http:\/\/www.w3.org\/2000\/svg\" xmlns:xlink=\"http:\/\/www.w3.org\/1999\/xlink\" x=\"0px\" y=\"0px\" width=\"17px\" height=\"17px\" viewBox=\"-3 -2 17 17\" enable-background=\"new -3 -2 17 17\" xml:space=\"preserve\">\n\t\t\t\t\t<path fill=\"none\" stroke=\"#2B2B2B\" stroke-linecap=\"round\" stroke-linejoin=\"round\" stroke-miterlimit=\"10\" d=\"M12.125-0.602h-13.25 c-0.553,0-1,0.448-1,1v8.75c0,0.553,0.447,1,1,1h3.063v4.063l3.375-4.063h6.813c0.553,0,1-0.447,1-1v-8.75 C13.125-0.153,12.678-0.602,12.125-0.602z\"\/>\n\t\t\t\t<\/svg><\/i>\n\t\t\t<span class=\"edgtf-comments\">0<\/span>\n\t\t<\/a>\n\t<\/div>\n                    <\/div>\r\n\t<\/div>\r\n\t<div class=\"edgtf-ni-content\">\r\n\t\t<div class=\"edgtf-ni-content-inner\">\r\n\t\t\t<div class=\"edgtf-ni-info edgtf-ni-info-top\">\r\n\t            \t<div class=\"edgtf-post-info-category\">\n\t\t<a href=\"https:\/\/www.dichecibo6.it\/new\/prodotto\/evento\/\" rel=\"category tag\">evento<\/a>\t<\/div>\n\t\t\t<\/div>\r\n\t\t\t\n<h3 itemprop=\"name\" class=\"entry-title edgtf-post-title \" >\n<a itemprop=\"url\" href=\"https:\/\/www.dichecibo6.it\/new\/2015\/03\/11\/leonardo-da-vinci-a-milano-mestro-di-cucina-e-di-banchetti\/\" title=\"LEONARDO DA VINCI A MILANO\">\n    LEONARDO DA VINCI A MILANO<\/a>\n<\/h3>\t\t\t\t\t\t<div class=\"edgtf-ni-info edgtf-ni-info-bottom\">\r\n\t            \t<div itemprop=\"dateCreated\" class=\"edgtf-post-info-date entry-date published updated\">\n\t\t\t\t\t<a itemprop=\"url\" href=\"https:\/\/www.dichecibo6.it\/new\/2015\/03\/\">\n\t\t\t\t\t11 anni ago\t\t<\/a>\n\t\t<meta itemprop=\"interactionCount\" content=\"UserComments: 0\"\/>\n\t<\/div>\n\t\t\t\t\t\t\t<\/div>\r\n\t\t<\/div>\r\n\t<\/div>\r\n<\/div><\/div><\/div>[vc_empty_space height=&#8221;50px&#8221;]\t\t<\/div>\n\t<\/div>\n<\/div><div class=\"edgtf-eh-item    \"  data-item-class=\"edgtf-eh-custom-4516\" data-1280-1600=\"0 45px 49px 78px\" data-1024-1280=\"0 45px 49px 78px\" data-768-1024=\"0 35% 0px 0px\" data-680-768=\"0 20% 0px 0px\" data-680=\"0 0\">\n\t<div class=\"edgtf-eh-item-inner\">\n\t\t<div class=\"edgtf-eh-item-content edgtf-eh-custom-4516\" style=\"padding: 0 95px 49px 78px\">\n\t\t\t<h2 class=\"edgtf-custom-font-holder  edgtf-cf-8666  \" style=\"font-family: Comorant Garamond;font-size: 40px;font-weight: 400;letter-spacing: 0.03em;text-transform: capitalize;text-align: left\" data-item-class=\"edgtf-cf-8666\">\n\tRisorse utili e ispirazione per menti golose<\/h2>[vc_empty_space height=&#8221;19px&#8221;][vc_column_text]A breve qui troverete articoli, pubblicazioni, sulle ultime notizie riguardanti il cervello, l&#8217;alimentazione, la scienza e la cultura del cibo.[\/vc_column_text][vc_empty_space height=&#8221;35px&#8221;]\t\t<\/div>\n\t<\/div>\n<\/div><\/div>[\/vc_column][\/vc_row]<\/p>\n","protected":false},"excerpt":{"rendered":"<p>[vc_row css=&#8221;.vc_custom_1524131902883{padding-right: 5.2% !important;padding-left: 5.2% !important;}&#8221;][vc_column][\/vc_column][\/vc_row][vc_row row_content_width=&#8221;grid&#8221;][vc_column css=&#8221;.vc_custom_1523460379202{margin-top: -70px [&hellip;]<\/p>\n","protected":false},"author":1,"featured_media":0,"parent":0,"menu_order":0,"comment_status":"closed","ping_status":"closed","template":"full-width.php","meta":{"footnotes":""},"class_list":["post-8387","page","type-page","status-publish","hentry"],"_links":{"self":[{"href":"https:\/\/www.dichecibo6.it\/new\/wp-json\/wp\/v2\/pages\/8387","targetHints":{"allow":["GET"]}}],"collection":[{"href":"https:\/\/www.dichecibo6.it\/new\/wp-json\/wp\/v2\/pages"}],"about":[{"href":"https:\/\/www.dichecibo6.it\/new\/wp-json\/wp\/v2\/types\/page"}],"author":[{"embeddable":true,"href":"https:\/\/www.dichecibo6.it\/new\/wp-json\/wp\/v2\/users\/1"}],"replies":[{"embeddable":true,"href":"https:\/\/www.dichecibo6.it\/new\/wp-json\/wp\/v2\/comments?post=8387"}],"version-history":[{"count":1,"href":"https:\/\/www.dichecibo6.it\/new\/wp-json\/wp\/v2\/pages\/8387\/revisions"}],"predecessor-version":[{"id":8388,"href":"https:\/\/www.dichecibo6.it\/new\/wp-json\/wp\/v2\/pages\/8387\/revisions\/8388"}],"wp:attachment":[{"href":"https:\/\/www.dichecibo6.it\/new\/wp-json\/wp\/v2\/media?parent=8387"}],"curies":[{"name":"wp","href":"https:\/\/api.w.org\/{rel}","templated":true}]}}